{"version":"1.0","provider_name":"(\u00c9let a pasin t\u00fal) L\u00e9p\u00e9sek egy stresszmentesebb \u00e9lethez","provider_url":"https:\/\/singli.cafeblog.hu","author_name":"Joyo","author_url":"https:\/\/singli.cafeblog.hu\/author\/Joyo-2-2-2-2\/","title":"Lehet, hogy jeleket kapok?","html":"<p><span style=\"font-size: 16px;\"><span style=\"font-size: 16px;\"><span style=\"color: rgb(230, 51, 153);\">&nbsp;Azt \u00e1lmodtam, hogy bab\u00e1t v\u00e1rok! \nK\u00fcl\u00f6n\u00f6s \u00e9rz\u00e9s volt. <span style=\"font-style: italic;\">\u00c1lmomban \u00e1lltam a f\u00fcrd\u0151szobai t\u00fck\u00f6r el\u0151tt \u00e9s n\u00e9ztem \nmagam. Indulatos voltam, \u00e9melyegtem, zavartak a szagok. \u00c9s akkor \u00e9rt a \nfelismer\u00e9s. Gyerekem lesz! <\/span><\/span><\/span><\/span><br><span style=\"font-size: 16px; color: rgb(230, 51, 153);\">\n<\/span><\/p><span style=\"font-size: 16px; color: rgb(230, 51, 153);\">\n<\/span><p><span style=\"font-size: 16px; color: rgb(230, 51, 153);\">Ennyire eml\u00e9kszem a tegnap \u00e9jjeli \n\u00e1lmokb\u00f3l. \u00c9rdekes, mert m\u00e1r \u00e1lmodtam olyat, hogy van egy sz\u0151ke haj\u00fa \ngy\u00f6ny\u00f6r\u0171 kisfiam, hogy \u00e9ppen sz\u00fcl\u00f6k, vagy, hogy hatalmas pocakom van. De\n olyat m\u00e9g nem, hogy \u00e9ppen felismerem a v\u00e1rand\u00f3s\u00e1got. Val\u00f3ban \u00e9rdekes, \nazt\u00e1n megd\u00f6bbent\u0151, majd \u00f6r\u00f6mteli \u00e1llapotba ker\u00fcltem.&nbsp;<\/span><\/p><span style=\"font-size: 16px; color: rgb(230, 51, 153);\">\n<\/span><p><span style=\"font-size: 16px; color: rgb(230, 51, 153);\">\u00c9s azt\u00e1n... fel\u00e9bredtem...<\/span><\/p><span style=\"font-size: 16px; color: rgb(230, 51, 153);\">\n<\/span><p><span style=\"font-size: 16px; color: rgb(230, 51, 153);\">Bennem volt reggel a f\u00e9lsz. Mi van, ha\n a tudatalattim jelez sz\u00e1momra. Hiszen aznap reggel szeretkezt\u00fcnk, \u00e9s \nb\u00e1r megtett\u00fck a sz\u00fcks\u00e9ges \u00f3vint\u00e9zked\u00e9seket, de sosem lehet \ntudni...lehet, hogy egy kis fick\u00f3 kisz\u00f6k\u00f6tt...egy is el\u00e9g... na mindegy,\n ne \u00e1br\u00e1ndozzunk ennyire!<\/span><\/p><span style=\"font-size: 16px; color: rgb(230, 51, 153);\">\n<\/span><p><span style=\"font-size: 16px; color: rgb(230, 51, 153);\">Nagyon szeretn\u00e9k bab\u00e1t. \u00c9s igen, a \np\u00e1romt\u00f3l. De egyenl\u0151re m\u00e9g nem tudn\u00e1nk hov\u00e1 tenni. El\u0151bb kellene egy \nsaj\u00e1t lak\u00e1s, ahov\u00e1 haza vihetj\u00fck, ahol k\u00e9nyelmesen megvagyunk, ahol \nfelnevelhetj\u00fck. Nekem is minimum egy \u00e9vig dolgoznom kell ahhoz, hogy \nGYES-t kapjak. P\u00e1romnak m\u00e9g mindig nincsen norm\u00e1lis munkahelye, b\u00e1r a \nvolt f\u0151n\u00f6ke azzal biztatja, hogy okt\u00f3berben vissza tudja venni. Igaz, \nanyagilag ott j\u00f3 helye volt. M\u00e9g sehol sem \u00edg\u00e9rtek neki annyi p\u00e9nzt, \nmint a C\u00e9gn\u00e9l. Majd kider\u00fcl. <\/span><br><span style=\"font-size: 16px; color: rgb(230, 51, 153);\">\n<\/span><\/p><span style=\"font-size: 16px; color: rgb(230, 51, 153);\">\n<\/span><p><span style=\"font-size: 16px; color: rgb(230, 51, 153);\">Engem ma \u00fajra beh\u00edvtak elbesz\u00e9lget\u00e9sre\n a Magenta sz\u00edn\u0171 telefon boltba. Ma m\u00e1s f\u00e9rfival besz\u00e9lgettem, de \nsz\u00e1m\u00e1ra is szimpatikus voltam, s megs\u00fagta: -Nagy es\u00e9llyel indulsz!<\/span><\/p><span style=\"font-size: 16px; color: rgb(230, 51, 153);\">\n<\/span><p><span style=\"font-size: 16px; color: rgb(230, 51, 153);\">Annyira nem \u00e9ltem bele magam a \nsikerbe. B\u00e1rmi t\u00f6rt\u00e9nhet. Egy biztos... nagyon szeretn\u00e9k dolgozni. B\u00e1r, \nha most elkezdek j\u00falius elsej\u00e9t\u0151l dolgozni, akkor biztosan nem tudok \nelmenni nyaralni. Az els\u0151 h\u00e1rom h\u00f3napban nem adhatnak szabads\u00e1got, csak \nszabadnapokat. Tulajdonk\u00e9ppen le tudok mondani a balatoni nyaral\u00e1sr\u00f3l. \nNem nyugodt sz\u00edvvel, mert nagyon j\u00f3l esett volna kifek\u00fcdni a partra, \n\u00faszni \u00e9s a bor fesztiv\u00e1lon t\u00e1ncolni. De, ha elkezdek rendesen, \nalkalmazottk\u00e9nt p\u00e9nzt keresni, \u00e9s elkezdhetem a gy\u0171jt\u00e9st, hogy \nelind\u00edtsam az \u00e9letemet, akkor meg\u00e9rni. <\/span><br><span style=\"font-size: 16px; color: rgb(230, 51, 153);\">\n<\/span><\/p><span style=\"font-size: 16px; color: rgb(230, 51, 153);\">\n<\/span><p><span style=\"font-size: 16px; color: rgb(230, 51, 153);\">P\u00e9ntekig kider\u00fcl, hogy mik\u00e9nt \nd\u00f6nt\u00f6ttek a fejesek. Akkora felhajt\u00e1st csapnak egy n\u00e9gy\u00f3r\u00e1s recepci\u00f3s \n\u00e1ll\u00e1s k\u00f6r\u00fcl, mintha minimum egy v\u00e1llalati igazgat\u00f3t keresn\u00e9nek. Sok a \njelentkez\u0151. Ha felaj\u00e1nlj\u00e1k az \u00e1ll\u00e1st, mindenk\u00e9ppen elfogadom. H\u00e1rom \nk\u00f6r\u00f6n t\u00faljutottam. Es\u00e9lyes vagyok. Sok volt a jelentkez\u0151. Ha r\u00e1m esik a \nv\u00e1laszt\u00e1suk, akkor nekem val\u00f3 az \u00e1ll\u00e1st, \u00e9s k\u00e9pes leszek benne helyt \n\u00e1llni. \u00c9s tal\u00e1n m\u00e9g feljebb is juthatok a v\u00e1llalaton bel\u00fcl. Ha \u00edgy kell \nlennie, akkor \u00edgy is lesz! :-)<\/span><\/p><span style=\"font-size: 16px; color: rgb(230, 51, 153);\">\n<\/span><p><span style=\"font-size: 16px;\"><span style=\"font-size: 16px; color: rgb(230, 51, 153);\">Hehe, m\u00e1r csak hat nap van a \nsz\u00fclinapomig. Szombaton \u00fcnnepelek a bar\u00e1tokkal, h\u00e9tf\u0151n, a napj\u00e1n, pedig a\n csal\u00e1dommal. M\u00e9g nem tudom, hogy mi legyen a men\u00fc. <span style=\"font-weight: bold;\">Nektek nincs valami \nj\u00f3 kis bev\u00e1lt receptetek egy sz\u00fclet\u00e9snapi \u00fcnneps\u00e9gre?<\/span> Nyolcan lesz\u00fcnk \u00e9s\n olyan dolgot szeretn\u00e9k, amit \u00e1ltal\u00e1ban mindenki megeszik. Tortak\u00e9nt \nm\u00e1ln\u00e1s sacher-t k\u00e9rtem, majd kider\u00fcl, hogy mi lesz. Rem\u00e9lem j\u00f3l alakul. \nEz az els\u0151 sz\u00fclinapom k\u00e9t \u00e9v ut\u00e1n, ahol Kriszti is megjelenik, \nnagyb\u00e1ty\u00e1m menyasszonya. \u00dagy t\u0171nik, hogy elsimulnak k\u00f6z\u00f6tt\u00fcnk is a \nn\u00e9zetelt\u00e9r\u00e9sek. \u00d6r\u00fcln\u00e9k neki. Jobb szeretem, ha b\u00e9kess\u00e9g van a \ncsal\u00e1dban. \u00c9s a sz\u00fclet\u00e9snapomon! <\/span><br><span style=\"font-size: 16px; color: rgb(230, 51, 153);\">\n  <\/span><\/span><\/p><span style=\"font-size: 16px; color: rgb(230, 51, 153);\">\n<\/span><p><span style=\"font-size: 16px; color: rgb(230, 51, 153);\">Tulajdonk\u00e9ppen szeretem \u0151t, csak n\u00e9ha \nvannak n\u00e9zetelt\u00e9r\u00e9seink. K\u00e9t Ikrek nehezen f\u00e9r meg egym\u00e1s mellett! :-) <\/span><\/p>","type":"rich"}