{"version":"1.0","provider_name":"(\u00c9let a pasin t\u00fal) L\u00e9p\u00e9sek egy stresszmentesebb \u00e9lethez","provider_url":"https:\/\/singli.cafeblog.hu","author_name":"Joyo","author_url":"https:\/\/singli.cafeblog.hu\/author\/Joyo-2-2-2-2\/","title":"Munkahelyi balesetek","html":"<p><span style=\"font-size: 16px;\">Sziasztok!<\/span><\/p><span style=\"font-size: 16px;\"> <\/span><p><span style=\"font-size: 16px;\">Ez imm\u00e1ron a harmadik napunk \u00fagy, hogy csak mi vagyunk. \u00c9s ahelyett,  hogy ki\u00e9lvezn\u00e9nk a mag\u00e1nyunkat...azt a k\u00fcl\u00f6nleges \u00e9s ritka dolgot, hogy  csak a mi\u00e9nk a <span style=\"font-size: 24px;\"><\/span><\/span><img src=\"https:\/\/singli.cafeblog.hu\/files\/egUoszsUog\/takarit.jpg\" class=\"blogkep\" align=\"left\"><span style=\"font-size: 16px;\">lak\u00e1s...nem tudunk egym\u00e1ssal mit kezdeni. Mind a ketten  f\u00e1radtan \u00e9r\u00fcnk haza. \u0150 a t\u00edz \u00f3r\u00e1z\u00e1s miatt, \u00e9n, pedig az\u00e9rt, mert most  k\u00e9t munkahelyen \u00e1llok helyt. <\/span><br><span style=\"font-size: 16px;\"> <\/span><\/p><span style=\"font-size: 16px;\"> <\/span><p><span style=\"font-size: 16px;\">Tal\u00e1n arr\u00f3l kellene leszoknom, hogy egyek este...jobban mondva, hogy  h\u00fast, vagy sz\u00e9nhidr\u00e1tot fogyasszak, mert ebben&nbsp; a melegben nem v\u00e1gyom  m\u00e1sra, mint, hogy lefek\u00fcdjek, \u00e9s lehet\u0151leg aludni. Pedig annyi minden  m\u00e1st csin\u00e1lhatn\u00e1nk...elmehetn\u00e9nk fagyizni, s\u00e9t\u00e1lni, vagy  szeretkezhetn\u00e9nk is. Ez \u00fagy t\u0171nik a mostani viszonylatokban, hogy  kivitelezhetetlen, mert reggel t\u00fal kor\u00e1n kel ahhoz, hogy \u00f6sszeb\u00fajjunk,  este, pedig f\u00e1radtak vagyunk. Ma kipr\u00f3b\u00e1lom az elm\u00e9letemet, miszerint,  ha csak gy\u00fcm\u00f6lcs\u00f6t vacsor\u00e1zom, vagy nem is vacsor\u00e1zom, akkor, ha nem is  frissebb, de \u00e9berebb vagyok! Tal\u00e1n seg\u00edt. Mert v\u00e1gyom arra, hogy  \u00f6sszeb\u00fajjunk, \u00e9s tudom, erre van, aki azt mondan\u00e1, hogy ha nagyon  akarn\u00e1m, \u00f6ssze tudn\u00e1m hozni...de k\u00e9rdem \u00e9n, mit tegyek, akkor, ha  lefekszem, leteszem a fejemet, \u00e9s m\u00e1r semmi m\u00e1sra nem eml\u00e9kszem, csak,  hogy reggel keltegetnek? Olyan, mintha el\u00e1juln\u00e9k, vagy le\u00fctn\u00e9nek! <\/span><br><span style=\"font-size: 16px;\"> <\/span><\/p><span style=\"font-size: 16px;\"> <\/span><p><span style=\"font-size: 16px;\">Lehet, hogy a tusol\u00f3ban kellene pr\u00f3b\u00e1lkoznunk, vagy a konyh\u00e1ban, vagy  mindj\u00e1rt a bej\u00e1rati ajt\u00f3n\u00e1l....vagy mit tudom \u00e9n...tudom, hogy neki is  nagyon nagy sz\u00fcks\u00e9ge volna arra, hogy szeretkezz\u00fcnk. L\u00e1tom rajta.  Pr\u00f3b\u00e1lkozik. De \u0151 sem tud azzal mit kezdeni, ha led\u0151l\u00f6k, \u0151 kimegy a  vacsor\u00e1\u00e9rt a konyh\u00e1ba, \u00e9s mire \u00f6t perc m\u00falva visszaj\u00f6n...\u00e9n m\u00e1r az  igazak \u00e1lm\u00e1t alszom! <\/span><br><span style=\"font-size: 16px;\"> <\/span><\/p><span style=\"font-size: 16px;\"> <\/span><p><span style=\"font-size: 16px;\">Tal\u00e1n majd ma. Ma am\u00fagy is kimozdulunk. Lesz m\u00e1s programunk is. Ma  lesz az a bizonyos tal\u00e1lkoz\u00f3 hatszemk\u00f6zt. A harmadik f\u00e9l javaslat\u00e1ra nem  a m\u0171helybe megy\u00fcnk, hanem az Arabesca-ba. Szeretem azt a helyet,  kor\u00e1bban m\u00e1r \u00edrtam r\u00f3la egy postot. Keleties, sejtelmes, j\u00f3 a zene, \u00e9s  kimondottan k\u00e9nyelmesek a babzs\u00e1kfotelek. Ha minden j\u00f3l megy, szerintem  rendel\u00fcnk egy v\u00edzipip\u00e1t is. A VOLTon ugyanis elmulasztottunk. Nem is  tudom mi\u00e9rt...el\u00e9gg\u00e9 be voltunk t\u00e1bl\u00e1zva. <\/span><br><span style=\"font-size: 16px;\"> <\/span><\/p><span style=\"font-size: 16px;\"> <\/span><p><span style=\"font-size: 16px;\">A tal\u00e1lkoz\u00f3 csup\u00e1n h\u00e9tkor kezd\u0151dik, \u00edgy lesz ideje mind a kett\u0151nknek,  hogy rendbe szedje mag\u00e1t. \u00dagy d\u00f6nt\u00f6ttem, hogy kicsit energetiz\u00e1ljam  magam, a te\u00e1z\u00f3-k\u00e1v\u00e9z\u00f3 st\u00edlus\u00e1hoz igaz\u00edtom ma est\u00e9re a saj\u00e1tomat. Mivel a  hely szelleme nagyon is k\u00f6zel \u00e1ll hozz\u00e1m, a ruhat\u00e1ramban megtal\u00e1lhat\u00f3ak  a k\u00edv\u00e1nt \"kell\u00e9kek\". A sz\u00ednhely j\u00f3 v\u00e1laszt\u00e1s volt az \u0150 r\u00e9sz\u00e9r\u0151l. <\/span><br><span style=\"font-size: 16px;\"> <\/span><\/p><span style=\"font-size: 16px;\"> <\/span><p><span style=\"font-size: 16px;\">Ma is d\u00e9lut\u00e1nos vagyok a Magent\u00e1ban. A tegnapi napom el\u00e9g mozgalmas  volt. Tanultam \u00faj dolgokat, voltak teljesen \u00f6n\u00e1ll\u00f3 feladataim is, a  terelget\u00e9sen k\u00edv\u00fcl. De sok \"\u00e9rdekes\" emberrel is \u00f6sszehozott a Sors.  Egyre jobban l\u00e1tom, hogy az emberek im\u00e1dnak reklam\u00e1lni, \u00e9s ha \u00e9ppen  aznap valami pocs\u00e9k dolog t\u00f6rt\u00e9nt vel\u00fck, de legal\u00e1bb is azon a h\u00e9ten,  akkor azt reklam\u00e1l\u00e1s, asztalcsapkod\u00e1s c\u00edm\u00e9n, ki is t\u00f6ltik az  \u00fcgyf\u00e9lszolg\u00e1latosokon. Tegnap egy \u00f6tvenes f\u00e9rfi k\u00e9rte el a  panaszk\u00f6nyvet, mert le akarta mondani az apja vezet\u00e9kes telefonj\u00e1t.  Kidob\u00e1lta a koll\u00e9g\u00e1m el\u00e9 a szem\u00e9lyigazolv\u00e1ny\u00e1t \u00e9s lakc\u00edmk\u00e1rty\u00e1j\u00e1t. Ehhez  az \u00fcgymenethez, mivel nem az \u0151 nev\u00e9n volt a szolg\u00e1ltat\u00e1s, mindenk\u00e9ppen  sz\u00fcks\u00e9g lett volna egy meghatalmaz\u00e1sra, hogy az \u00far elj\u00e1rhat az apja  \u00fcgy\u00e9ben. <\/span><br><span style=\"font-size: 16px;\"> <\/span><\/p><span style=\"font-size: 16px;\"> <\/span><p><span style=\"font-size: 16px;\">-Hull\u00e1t\u00f3l neh\u00e9z lesz - mondta foghegyr\u0151l a f\u00e9rfi.<\/span><\/p><span style=\"font-size: 16px;\"> <\/span><p><span style=\"font-size: 16px;\">-Akkor sz\u00fcks\u00e9g\u00fcnk lesz egy halotti anyak\u00f6nyvre, hogy \u00e1t\u00edrhassuk az \u00f6n  nev\u00e9re a szolg\u00e1ltat\u00e1st, \u00edgy le tudja mondani -  magyar\u00e1zta kedvesen \u00e9s t\u00fcrelmesen a koll\u00e9ga. <\/span><br><span style=\"font-size: 16px;\"> <\/span><\/p><span style=\"font-size: 16px;\"> <\/span><p><span style=\"font-size: 16px;\">A f\u00e9rfi felh\u00e1borodott, hogy nem hajland\u00f3ak megoldani az \u00fcgy\u00e9t, \u00e9s  k\u00e9ri a panaszk\u00f6nyvet, reklam\u00e1lni akar. Hozz\u00e1tette, hogy tudja, hogy nem a  koll\u00e9ga hozta ezt a jogszab\u00e1lyt, de ez nevets\u00e9ges!<\/span><\/p><span style=\"font-size: 16px;\"> <\/span><p><span style=\"font-size: 16px;\">A koll\u00e9g\u00e1m az utols\u00f3 percekig egy\u00fcttm\u0171k\u00f6d\u0151 \u00e9s kedves maradt. A f\u00e9rfi  v\u00e9g\u00fcl t\u00e1vozott a panaszlev\u00e9lre vonatkoz\u00f3 formanyomtatv\u00e1nnyal, de k\u00e9tlem,  hogy valaha is ki fogja t\u00f6lteni \u00e9s elpost\u00e1zza. <\/span><br><span style=\"font-size: 16px;\"> <\/span><\/p><span style=\"font-size: 16px;\"> <\/span><p><span style=\"font-size: 16px;\">Igen, sajnos vannak el\u0151\u00edrt jogszab\u00e1lyok, ami szerint elv\u00e9gz\u00fcnk egy  folyamatot. Ak\u00e1rkinek csak \u00fagy nem adhatunk ki inform\u00e1ci\u00f3kat, mert az  ott szerz\u0151d\u00e9st k\u00f6t\u00f6tt \u00fcgyfelek, nek\u00fcnk adt\u00e1k a bizalmukat.<\/span><\/p><span style=\"font-size: 16px;\"> <\/span><p><span style=\"font-size: 16px;\">Z\u00e1r\u00e1s el\u0151tt egy f\u00e9l \u00f3r\u00e1val bes\u00e9t\u00e1lt hozz\u00e1nk Kir\u00e1lyl\u00e1ny. Maci k\u00e9r\u00e9s\u00e9t  teljes\u00edtve, nem kerestem vele a kapcsolatot semmilyen form\u00e1ban sem, \u00edgy  csak k\u00f6sz\u00f6ntem, mert j\u00f3l nevelt vagyok. \u00dcltem a sz\u00e9kben \u00e9s  tanulm\u00e1nyoztam tov\u00e1bb a d\u00edjcsomagokat. L\u00e1ttam rajta, hogy meglepte a  tal\u00e1lkoz\u00e1s. De \u0151 folytatta sz\u00e1ml\u00e1ja kiegyenl\u00edt\u00e9s\u00e9t. \u00c9n pedig nem  foglalkoztam vele, mert megk\u00e9rtek r\u00e1. Ha ez sem el\u00e9g, szerzek b\u00edr\u00f3s\u00e1gi  v\u00e9gz\u00e9st, hogy h\u00e1rom m\u00e9tern\u00e9l k\u00f6zelebb nem k\u00f6zel\u00edthet meg, \u00e9s akkor m\u00e1r  \"teljes biztons\u00e1gban\" lesz t\u0151lem. Nem mintha valaha is b\u00e1ntalmaztam  volna...a nevel\u0151tisztem szerint nem vetne t\u00fal j\u00f3 f\u00e9nyt a felt\u00e9telesemre!  :-) Hallgatok r\u00e1.<\/span><\/p><span style=\"font-size: 16px;\"> <\/span><p><span style=\"font-size: 16px;\">B\u00e1rmi is volt, a f\u00fcleimet nem tudtam becsukni. Tudom, hogy senki sem  tehet r\u00f3la, ilyen hat\u00e1ssal vagyunk egym\u00e1sra, de nehezen toler\u00e1ltam a  st\u00edlus\u00e1t. Pr\u00f3b\u00e1ltam m\u00e1s szemsz\u00f6gb\u0151l megk\u00f6zel\u00edteni. Megfigyel\u00e9sek alapj\u00e1n  egy \u00e9rzelmileg-lelkileg nagyon m\u00e9lyen s\u00e9r\u00fclt l\u00e1ny (amit a m\u00faltj\u00e1ra val\u00f3  tekintette meg\u00e9rtek), akinek szeretet \u00e9s figyelemhi\u00e1nya van, s amit \u00fagy  \u00e9rez, a f\u00e9rfiakt\u00f3l kaphat meg. Igen,igen, \u00e9n mindent meg\u00e9rtek, ha  t\u00e9vedtem el is ismerem. Csak, mikor f\u00e1radt vagyok, nehezebben toler\u00e1lok  b\u00e1rmit is. \u00c9lvezze a figyelmet, amit kap, t\u00f6ltekezzen bel\u0151le, \u00e9lvezze,  hogy van most egy olyan f\u00e9rfi az \u00e9let\u00e9ben, aki szereti \u00e9s mindent megad  neki (\u00e9s lehet\u0151leg \u00e9rt\u00e9kelje is \u0150t!). <\/span><br><span style=\"font-size: 16px;\"> <\/span><\/p><span style=\"font-size: 16px;\"> <\/span><p><span style=\"font-size: 16px;\">Egyszer\u0171en csak arra k\u00e9rem az \u00e9gieket, hogy seg\u00edtsenek elker\u00fclni vele  a tal\u00e1lkoz\u00e1sokat. Akkor minden b\u00e9k\u00e9s \u00e9s j\u00f3 lesz. Akkor nincs  sik\u00edt\u00f3fr\u00e1sz, nincs cs\u00edp\u0151s humor, \u00e9s emiatt nincs sz\u00e1monk\u00e9r\u00e9s.<\/span><\/p><span style=\"font-size: 16px;\"> <\/span><p><span style=\"font-size: 16px;\">Legyen nagyon sz\u00e9p napotok! :-)&nbsp;<\/span> &nbsp; &nbsp; &nbsp; &nbsp; &nbsp; &nbsp; <\/p><p>&nbsp;<\/p>","type":"rich"}