{"version":"1.0","provider_name":"(\u00c9let a pasin t\u00fal) L\u00e9p\u00e9sek egy stresszmentesebb \u00e9lethez","provider_url":"https:\/\/singli.cafeblog.hu","author_name":"Joyo","author_url":"https:\/\/singli.cafeblog.hu\/author\/Joyo-2-2-2-2\/","title":"Pech sorozat?","html":"<p><span style=\"font-size: 16px;\"><span style=\"color: rgb(0, 51, 0);\">&nbsp;Most m\u00e1r biztoss\u00e1 v\u00e1lt... janu\u00e1rt\u00f3l elk\u00fcldenek. A f\u0151n\u00f6k\u00f6m m\u00e1r tett \nl\u00e9p\u00e9seket afel\u00e9, hogy el tudjak helyezkedni m\u00e1shol. A mai napon kapunk \nv\u00e1laszt az telefonos r\u00e9szlegt\u0151l, hogy van-e felv\u00e9tel. B\u00e1r...ha nem is \nmost, k\u00e9s\u0151bb biztosan lesz. Az a h\u00edr j\u00e1rja, hogy onnan mindig \nrost\u00e1l\u00f3dnak ki emberek, mert nem mindegy, hogy mik\u00e9nt b\u00e1nsz az \u00fcgyf\u00e9llel\n az \u00e9teren kereszt\u00fcl. \u00c9n is nyitva tartom a szemem, \u00e9s m\u00e1r sz\u00f3ltam \nn\u00e9h\u00e1ny ismer\u0151s\u00f6mnek is, hogy seg\u00edtsenek. Azt hiszem ez m\u00e1r csak \u00edgy \nm\u0171k\u00f6dik a mai vil\u00e1gban... :-(<\/span><\/span><\/p><span style=\"font-size: 16px; color: rgb(0, 51, 0);\">\n<\/span><p><span style=\"font-size: 16px; color: rgb(0, 51, 0);\">Tegnap nem tudtam eld\u00f6nteni, hogy s\u00edrjak, vagy sem. Nem is annyira a \nmunk\u00e1t sajn\u00e1lom, mert r\u00f6hejes volt a fizet\u00e9sem, annyira volt el\u00e9g, hogy \nmagamat ell\u00e1ssam bel\u0151le, \u00e9s a sz\u00fcleim v\u00e1ll\u00e1r\u00f3l ezzel levegyek n\u00e9mi \nterhet. De f\u00e9lrerakni bel\u0151le, vagy komoly terveket sz\u0151ni nem lehetett. \nSokkal ink\u00e1bb a csapatot sajn\u00e1lom. F\u00e9l \u00e9v alatt m\u00e1r elkezdtem k\u00f6t\u0151dni \nhozz\u00e1juk. Mikor megtudtam a j\u00f6v\u0151met, \u00e1tmentem a szervizbe a fi\u00fakhoz, \nhogy kicsit megnyugodjak. Miut\u00e1n elmondtam V\u00e9nek, hogy mi a helyzet, \u0151 \nmag\u00e1hoz \u00f6lelt. \u00c9n pedig igyekeztem lek\u00fczdeni a zokog\u00e1som. F\u00e1j, hogy nem \ntal\u00e1lkozom vel\u00fck napi szinten. Hogy nem viccel\u0151d\u00fcnk, nem besz\u00e9lget\u00fcnk, \nnem mosolygunk \u00f6ssze cinkosan egy-egy cs\u00edny ut\u00e1n. \u0150 a h\u00e1tamat simogatta,\n hogy megnyugtasson. <\/span><br><span style=\"font-size: 16px; color: rgb(0, 51, 0);\">\n<\/span><\/p><span style=\"font-size: 16px; color: rgb(0, 51, 0);\">\n<\/span><p><span style=\"font-size: 16px; color: rgb(0, 51, 0);\">A v\u00e9rnyom\u00e1som eg\u00e9sz d\u00e9lut\u00e1n az egekben j\u00e1rt, folyamatosan remegett \nkezem-l\u00e1ban, sz\u00e9d\u00fcltem \u00e9s v\u00f6r\u00f6s volt az arcom. A seg\u00edt\u0151t\u00e1rsam faggatott \np\u00e1rszor, hogy mi a gond, de nem \u00e1rultam el. Nem v\u00e1gyom r\u00e1, hogy b\u00e1rki is\n sajn\u00e1lkozzon. Nem a munka elveszt\u00e9s\u00e9t sajn\u00e1lom, b\u00e1r a p\u00e9nz mindenkinek \nj\u00f3l j\u00f6n. <\/span><br><span style=\"font-size: 16px; color: rgb(0, 51, 0);\">\n<\/span><\/p><span style=\"font-size: 16px; color: rgb(0, 51, 0);\">\n<\/span><p><span style=\"font-size: 16px; color: rgb(0, 51, 0);\">Ugyan aznap meg\u00e9rkezett v\u00e9gre az \u00faj konyhab\u00fator. Mire haza\u00e9rtem, m\u00e1r \u00f6sszeszerelt\u00e9k,\n a sz\u00fcleim pedig nagyj\u00e1b\u00f3l be is rendezkedtek. Ma k\u00f6tik be a s\u00fct\u0151t, a \nvizet \u00e9s az elsz\u00edv\u00f3t. elvileg m\u00e1r lehet s\u00fctni a konyh\u00e1ban. Mindez remek,\n csak id\u0151hi\u00e1ny\u00e1ban emiatt is kiborultam. B\u00e1r \u00fagy n\u00e9z ki, hogy holnap \nd\u00e9lel\u0151tt meg tudom s\u00fctni \u00e9desap\u00e1m tort\u00e1j\u00e1t. 25-\u00e9n pedig a csal\u00e1dnak \u00fct\u00f6k\n \u00f6ssze valami finomat. Akkor lesz b\u0151ven id\u0151m. <\/span><br><span style=\"font-size: 16px; color: rgb(0, 51, 0);\">\n<\/span><\/p><span style=\"font-size: 16px; color: rgb(0, 51, 0);\">\n<\/span><p><span style=\"font-size: 16px; color: rgb(0, 51, 0);\">Olyan ez az eg\u00e9sz, mintha a sok j\u00f3 ut\u00e1n, most valami pech hull\u00e1m \n\u00e9rkezne (b\u00e1r felfog\u00e1s k\u00e9rd\u00e9se!), \u00e9s sorra boruln\u00e1nak az esem\u00e9nyek, ak\u00e1r a\n megp\u00f6ccintett domin\u00f3. <\/span><br><span style=\"font-size: 16px; color: rgb(0, 51, 0);\">\n<\/span><\/p><span style=\"font-size: 16px; color: rgb(0, 51, 0);\">\n<\/span><p><span style=\"font-size: 16px; color: rgb(0, 51, 0);\">A munka, a s\u00fctem\u00e9nyek, el\u00e9g esetlen vagyok... r\u00e1ad\u00e1sul a torta \ntetej\u00e9n a hab... reggel kipakol\u00e1s k\u00f6zben megjelent G\u00e9. Amilyen pocs\u00e9k \nhangulatban vagyok... kibor\u00edtott. A szemk\u00f6zti parkol\u00f3ban le\u00e1ll\u00edtotta az \naut\u00f3j\u00e1t (er\u0151s k\u00e9sztet\u00e9st \u00e9reztem, hogy hozz\u00e1v\u00e1gjak egy kar\u00e1csonyfa \ntalpat, vagy legal\u00e1bb egy h\u00f3goly\u00f3t), majd a t\u00faloldalon elindulva, hogy \nv\u00e9letlen\u00fcl se tal\u00e1lkozzunk, elment a templomig, majd \u00e1ts\u00e9t\u00e1lt erre az \noldalra. Visszafel\u00e9 j\u00f6vet, m\u00e1r engem figyelt, mikor kint seg\u00edtettem egy \nv\u00e1s\u00e1rl\u00f3nak. Ha j\u00f3 passzban vagyok, m\u00e9g integetek is neki \u00e9s boldog \nkar\u00e1csonyt k\u00edv\u00e1nok, de abban a helyzetben csup\u00e1n ugr\u00e1l\u00f3 gyomromon, \nremeg\u0151 t\u00e9rdemen pr\u00f3b\u00e1ltam uralkodni! Ahogy figyeltem gyalogosan t\u00e1volod\u00f3\n alakj\u00e1t, r\u00e1 kellett \u00e9brednem, hogy nagyon le van fogyva. Az ok\u00e1n nem \ngondolkodtam. Nem is kell. nem az \u00e9n dolgom.&nbsp; <\/span><br><span style=\"font-size: 16px; color: rgb(0, 51, 0);\">\n<\/span><\/p><span style=\"font-size: 16px; color: rgb(0, 51, 0);\">\n<\/span><p><span style=\"font-size: 16px; color: rgb(0, 51, 0);\">Ez van. Azt hiszem ez m\u00e9g hossz\u00fa menet lesz.<\/span><\/p><span style=\"font-size: 16px; color: rgb(0, 51, 0);\">\n<\/span><p><span style=\"font-size: 16px; color: rgb(0, 51, 0);\">K\u00f6zeleg a kar\u00e1csony, \u00e9n pedig igyekszem r\u00e1hangol\u00f3dni. Tal\u00e1n majd \nsiker\u00fcl. Hull\u00e1mz\u00f3an \u00e9rkezik az \u00fcnnepi hangulat. Igaz\u00e1b\u00f3l el sem hiszem, \nhogy m\u00e1r csak kett\u0151t kell aludni. nagymam\u00e1mnak m\u00e9g csup\u00e1n ma veszem meg \naz aj\u00e1nd\u00e9kokat, holnap pedig becsomagolom.&nbsp;<\/span><\/p><span style=\"font-size: 16px; color: rgb(0, 51, 0);\">\n<\/span><p><span style=\"font-size: 16px; color: rgb(0, 51, 0);\">Hamar el fog \u00e9rkezni Szenteste. Tal\u00e1n t\u00fal hamar is. Azt\u00e1n 24-25-26... \u00e9s huss... m\u00e1r el is m\u00falt Kar\u00e1csony!<\/span><\/p>","type":"rich"}