{"version":"1.0","provider_name":"(\u00c9let a pasin t\u00fal) L\u00e9p\u00e9sek egy stresszmentesebb \u00e9lethez","provider_url":"https:\/\/singli.cafeblog.hu","author_name":"Joyo","author_url":"https:\/\/singli.cafeblog.hu\/author\/Joyo-2-2-2-2\/","title":"V\u00e9ge","html":"<p><span style=\"font-size: 16px;\"><span style=\"color: rgb(128, 0, 102);\">&nbsp;\u00dagy n\u00e9z ki, hogy v\u00e9ge. A mai nappal megsz\u0171nt a munkaviszonyom. V\u00e1rom\n m\u00e9g a v\u00e9gelsz\u00e1mol\u00e1st, a kifizet\u00e9st, valamilyen okn\u00e1l fogva z\u00e1r\u00f3 orvosi \nvizsg\u00e1latra kell <\/span><\/span><img src=\"https:\/\/singli.cafeblog.hu\/files\/1181134524.jpg\" class=\"blogkep\" align=\"left\"><span style=\"font-size: 16px;\"><span style=\"color: rgb(128, 0, 102);\">mennem. Aj\u00e1nd\u00e9kutalv\u00e1nyt m\u00e9g kapok, meleg \u00e9teles \nkuponra viszont nem sz\u00e1m\u00edtok, mert azt levonn\u00e1k az utols\u00f3 b\u00e9remb\u0151l.&nbsp; \nAl\u00e1\u00edrtam a pap\u00edrokat, leadtam a c\u00e9ges telefont, \u00f6sszeszedtem a cuccaimat\n az asztalomr\u00f3l \u00e9s elb\u00facs\u00faztam mindenkit\u0151l, aki akkor ott jelen volt a \ncsoportomb\u00f3l. Valaki meg\u00f6lelt, valaki csak b\u00facs\u00fat intett, mert h\u00edv\u00e1sban \nvolt egy \u00fcgyf\u00e9llel. A sz\u00edvemnek k\u00e9t nagyon kedves emberrel, pedig m\u00e9g \ntartom a kapcsolatot telefonon kereszt\u00fcl. Az egyik egy h\u00edmnem\u0171 \nmunkat\u00e1rs, akivel r\u00e9gebben olykor annyira fl\u00f6rt\u00f6lt\u00fcnk, hogy majd' \nkigyulladt k\u00f6r\u00fcl\u00f6tt\u00fcnk a berendez\u00e9s. Hi\u00e1nyozni fog. Sz\u0151ke-k\u00e9k szem\u0171&nbsp; \nkoll\u00e9ga.... \u00e9s persze a m\u00e1sik szem\u00e9ly, maga E, akivel p\u00e9nteken hat \u00f3ra \nut\u00e1n be\u00fcl\u00fcnk te\u00e1zni \u00e9s besz\u00e9lgetni. Vannak olyan dolgok, amik hi\u00e1nyozni \nfognak. Ilyen a csoportt\u00e1rsakkal val\u00f3 traccsol\u00e1s, \u00fcgyfelek szid\u00e1sa, \nsomolyg\u00e1s, vigyorg\u00e1s, csapat\u00e9p\u00edt\u0151k. Viszont az \u00e1lland\u00f3 stressz m\u00e1r nem \nfog hi\u00e1nyozni az \u00e9letemb\u0151l. Ak\u00e1r meg is v\u00e1ltoztathatn\u00e1m a jobb oldalon \nl\u00e9v\u0151 kis sz\u00e1ml\u00e1l\u00f3mat, hogy igaz\u00e1b\u00f3l a mai napon t\u00e9rek \u00e1t a stresszmentes\n \u00e9letre. MOST, hogy ott hagytam a munk\u00e1m... igen, meg is v\u00e1ltoztatom! \n:-)<\/span><\/span><\/p><span style=\"font-size: 16px; color: rgb(128, 0, 102);\">\n<\/span><p><span style=\"font-size: 16px; color: rgb(128, 0, 102);\">Jelenleg \u00fajra a csal\u00e1di v\u00e1llalkoz\u00e1sban tev\u00e9kenykedem. K\u00f6zeleg a \nMindenszentek, van munka b\u0151ven. Ma is a szalmar\u00f3zs\u00e1kat ragasztom a \nszalma alapokra... sz\u00e9pen haladok. Nyugodtabb is vagyok j\u00f3val. Amikor \nmajd Okt\u00f3ber 10-\u00e9n elkezd\u0151dik az \u00e1rus\u00edt\u00e1s, akkor ism\u00e9t sz\u00e1ll\u00edt\u00f3 szerepbe\n avanzs\u00e1lok, \u00e9s r\u00f3ni fogom a kilom\u00e9tereket a v\u00e1rosban. Addig \u00f6ssze kell \nbar\u00e1tkoznunk az aut\u00f3val, mert sajnos m\u00e9g most is el\u0151fordul, hogy \nkapkodok, hirtelen engedem fel&nbsp; a kuplungot... nem tetszik az aut\u00f3nak. De h\u00e1t m\u00e9gis csak egy b\u00f6h\u00f6mke... el\u0151bb vagy ut\u00f3bb el kell vele boldogulnom. <\/span><br><span style=\"font-size: 16px; color: rgb(128, 0, 102);\">\n<\/span><\/p><span style=\"font-size: 16px; color: rgb(128, 0, 102);\">\n<\/span><p><span style=\"font-size: 16px; color: rgb(128, 0, 102);\">Tal\u00e1n mostant\u00f3l t\u00e9nyleg t\u00f6bb bejegyz\u00e9st fogok \u00edrni. Mint r\u00e9gen. Ha \nvan id\u0151m, h\u00e9tv\u00e9g\u00e9m, akkor mindig van ihlet, mert olyan nincs, hogy egy \nemberrel nem t\u00f6rt\u00e9nik semmi. Ennyi. Tanulom az angolt \u00e9s&nbsp; a n\u00e9metet. \nKell! Janu\u00e1rban vizsg\u00e1zom angolb\u00f3l, azt\u00e1n megyek a diplom\u00e1m\u00e9rt :-) Ezt \nkit\u0171ztem c\u00e9lul 2012 -re. Nem csak, hogy kijutunk mind a ketten \nAusztri\u00e1ba dolgozni, de m\u00e1r a kem\u00e9ny fedeles diplom\u00e1m is a kezemben lesz\n :-)<\/span><\/p><span style=\"font-size: 16px; color: rgb(128, 0, 102);\">\n<\/span><p><span style=\"font-size: 16px; color: rgb(128, 0, 102);\">Addig pedig... hamarosan&nbsp; kezdem a kar\u00e1csonyi reg\u00e9ny publik\u00e1l\u00e1s\u00e1t, \u00e9s\n folytatom a kar\u00e1csonyi blog \u00edr\u00e1s\u00e1t. Elv\u00e9gre... m\u00e1r csup\u00e1n 99 nap van \nh\u00e1tra Kar\u00e1csonyig! ;-)<\/span><\/p><span style=\"font-size: 16px; color: rgb(128, 0, 102);\">\n<\/span><p><span style=\"font-size: 16px;\"><span style=\"color: rgb(128, 0, 102);\"><\/span><span style=\"font-size: 24px; color: rgb(128, 0, 102);\">Joyo<\/span><\/span><\/p>","type":"rich"}