{"version":"1.0","provider_name":"(\u00c9let a pasin t\u00fal) L\u00e9p\u00e9sek egy stresszmentesebb \u00e9lethez","provider_url":"https:\/\/singli.cafeblog.hu","author_name":"Joyo","author_url":"https:\/\/singli.cafeblog.hu\/author\/Joyo-2-2-2-2\/","title":"Sz\u00e9p\u00edtgetem a boltot","html":"<p><span style=\"font-size: 16px;\"><span style=\"color: rgb(128, 0, 102);\">&nbsp;M\u00e1ra m\u00e1r sokkal jobban vagyok. R\u00e1\u00e9bredtem, hogy szinte semmit sem vesztettem. csak nyertem. m\u00e9gpedig vissza az eg\u00e9szs\u00e9gem. Ugyan m\u00e9g nem siker\u00fclt teljesen kialudnom magam, viszont nyugodtan \u00e9bredek \u00e9s nem rettegek, amint megkezd\u0151dik a munkaid\u0151m. \u00c1lland\u00f3 beoszt\u00e1som van minden h\u00e9tk\u00f6znap 9-18 \u00f3r\u00e1ig, szombaton 8-13-ig. Van h\u00e9tv\u00e9g\u00e9m, szabad est\u00e9m \u00e9s m\u00e9g az \u00fcnnepek alatt is mindent eltudok int\u00e9zni. <\/span><\/span><br><\/p><p><span style=\"font-size: 16px; color: rgb(128, 0, 102);\">Csinos\u00edtgatom az \u00fczlet\u00fcnket is. Ma a kirakatot vettem c\u00e9lba :-) Tegnap be\u00e1raztam az \u00f6sszes kis m\u00fcty\u0171rt, amit sz\u00fcleim hoztak a pesti vir\u00e1gpiacr\u00f3l. \u00c1trendezem a kirakatot. Ki teszem a t\u00f6kl\u00e1mp\u00e1sokat, boszork\u00e1nyokat, szalma b\u00e1bukat... \u0151szi hangulatot \u00f6lt a bolt. :-)<\/span><\/p><p><span style=\"font-size: 16px; color: rgb(128, 0, 102);\">Szeretem, amikor a kreativit\u00e1som ki\u00e9lhetem :-D<\/span><\/p><p><span style=\"font-size: 16px; color: rgb(128, 0, 102);\">Tegnap este E-vel besz\u00e9lgettem az egyik te\u00e1z\u00f3ban. Elmes\u00e9lte mennyire bekem\u00e9ny\u00edtettek a volt mel\u00f3helyen. R\u00e1\u00e9bredtem, hogy teljesen j\u00f3kor hagytam ott a helyet.&nbsp;<\/span><\/p><p><span style=\"font-size: 16px; color: rgb(128, 0, 102);\">A lelkem is lenyugodott. B\u00e1r a t\u00f6bb h\u00f3napon \u00e1t elfojtott, benyelt, meg nem em\u00e9sztett d\u00fch \u00e9s stressz most igyekszik felszabadulni bel\u0151lem. Olykor el akarom b\u0151gni magam. <\/span><br><\/p><p><span style=\"font-size: 16px; color: rgb(128, 0, 102);\">De legal\u00e1bb megk\u00f6nnyebb\u00fcl\u00f6k...<\/span><\/p><p><span style=\"font-size: 16px; color: rgb(128, 0, 102);\">\u00c9s \u00edme... mostan\u00e1ban ezt csin\u00e1lom...<\/span><\/p><center><img style=\"width: 471px; height: 352px;\" src=\"https:\/\/singli.cafeblog.hu\/files\/majci\/DSCF0483.JPG\" class=\"blogkep\" align=\"center\"><\/center><p> <br><\/p>","type":"rich"}